{"id":5345,"date":"2025-10-21T08:55:03","date_gmt":"2025-10-21T08:55:03","guid":{"rendered":"https:\/\/schoenheitschirurgie-ffm.de\/mini-abdominoplasty\/"},"modified":"2025-11-27T17:00:22","modified_gmt":"2025-11-27T17:00:22","slug":"mini-abdominoplasty","status":"publish","type":"page","link":"https:\/\/www.schoenheitschirurgie-ffm.de\/en\/mini-abdominoplasty\/","title":{"rendered":"Mini-abdominoplasty"},"content":{"rendered":"<p>[et_pb_section fb_built=&#8221;1&#8243; _builder_version=&#8221;4.27.4&#8243; _module_preset=&#8221;default&#8221; background_color=&#8221;#f2eee9&#8243; custom_padding=&#8221;0px||0px|||&#8221; hover_enabled=&#8221;0&#8243; locked=&#8221;off&#8221; global_colors_info=&#8221;{}&#8221; module_class=&#8221;ankerpunkte&#8221; sticky_enabled=&#8221;0&#8243;][et_pb_row _builder_version=&#8221;4.27.4&#8243; _module_preset=&#8221;default&#8221; width=&#8221;90%&#8221; custom_padding=&#8221;0px||0px||true|false&#8221; global_colors_info=&#8221;{}&#8221;][et_pb_column type=&#8221;4_4&#8243; _builder_version=&#8221;4.27.4&#8243; _module_preset=&#8221;default&#8221; global_colors_info=&#8221;{}&#8221;][et_pb_text _builder_version=&#8221;4.27.4&#8243; _module_preset=&#8221;default&#8221; custom_margin=&#8221;||||false|false&#8221; global_colors_info=&#8221;{}&#8221;]<\/p>\n<nav class=\"anchor-nav\"><a class=\"anchor-link active\" href=\"#fakten\">Facts<\/a><br \/><a class=\"anchor-link\" href=\"#faq\">FAQ<\/a><br \/><a class=\"anchor-link\" href=\"#kontakt\">Contact<\/a><\/nav>\n<p>[\/et_pb_text][\/et_pb_column][\/et_pb_row][\/et_pb_section][et_pb_section fb_built=&#8221;1&#8243; module_id=&#8221;experten&#8221; _builder_version=&#8221;4.27.4&#8243; _module_preset=&#8221;default&#8221; background_color=&#8221;#f2eee9&#8243; custom_padding=&#8221;40px||0px||false|false&#8221; hover_enabled=&#8221;0&#8243; locked=&#8221;off&#8221; global_colors_info=&#8221;{}&#8221; sticky_enabled=&#8221;0&#8243;][et_pb_row _builder_version=&#8221;4.27.4&#8243; _module_preset=&#8221;default&#8221; width=&#8221;90%&#8221; custom_padding=&#8221;0px||20px||false|false&#8221; global_colors_info=&#8221;{}&#8221;][et_pb_column type=&#8221;4_4&#8243; _builder_version=&#8221;4.27.4&#8243; _module_preset=&#8221;default&#8221; global_colors_info=&#8221;{}&#8221;][et_pb_text _builder_version=&#8221;4.27.4&#8243; _module_preset=&#8221;default&#8221; global_colors_info=&#8221;{}&#8221;]<\/p>\n<h2 class=\"heading\" style=\"text-align: left;\">Your team of experts<\/h2>\n<p>[\/et_pb_text][\/et_pb_column][\/et_pb_row][et_pb_row column_structure=&#8221;1_3,1_3,1_3&#8243; use_custom_gutter=&#8221;on&#8221; gutter_width=&#8221;3&#8243; _builder_version=&#8221;4.27.4&#8243; _module_preset=&#8221;default&#8221; width=&#8221;90%&#8221; custom_margin=&#8221;0px||0px||true|false&#8221; custom_padding=&#8221;0px||0px||true|false&#8221; global_colors_info=&#8221;{}&#8221;][et_pb_column type=&#8221;1_3&#8243; _builder_version=&#8221;4.27.4&#8243; _module_preset=&#8221;default&#8221; global_colors_info=&#8221;{}&#8221;][et_pb_image src=&#8221;https:\/\/schoenheitschirurgie-ffm.de\/wp-content\/uploads\/2025\/08\/dr-deb.jpg&#8221; title_text=&#8221;dr-deb&#8221; _builder_version=&#8221;4.27.4&#8243; _module_preset=&#8221;default&#8221; custom_margin=&#8221;||20px||false|false&#8221; custom_padding=&#8221;||||false|false&#8221; border_radii=&#8221;on|30px|30px|30px|30px&#8221; global_colors_info=&#8221;{}&#8221;][\/et_pb_image][et_pb_text module_class=&#8221;doc-titel&#8221; _builder_version=&#8221;4.27.4&#8243; _module_preset=&#8221;default&#8221; custom_margin=&#8221;||1em||false|false&#8221; global_colors_info=&#8221;{}&#8221;]<\/p>\n<h3>Dr. med. Robin Deb<\/h3>\n<p>[\/et_pb_text][et_pb_text _builder_version=&#8221;4.27.4&#8243; _module_preset=&#8221;default&#8221; global_colors_info=&#8221;{}&#8221;]<a class=\"mehr-erfahren-btn\" href=\"https:\/\/schoenheitschirurgie-ffm.de\/unser-aerzteteam\/\">Learn more<\/a>[\/et_pb_text][\/et_pb_column][et_pb_column type=&#8221;1_3&#8243; _builder_version=&#8221;4.27.4&#8243; _module_preset=&#8221;default&#8221; global_colors_info=&#8221;{}&#8221;][et_pb_image src=&#8221;https:\/\/schoenheitschirurgie-ffm.de\/wp-content\/uploads\/2025\/08\/dr-sanchez.jpg&#8221; alt=&#8221;Dr. Sanchez&#8221; title_text=&#8221;dr-sanchez&#8221; _builder_version=&#8221;4.27.4&#8243; _module_preset=&#8221;default&#8221; custom_margin=&#8221;||20px||false|false&#8221; custom_padding=&#8221;||||false|false&#8221; border_radii=&#8221;on|30px|30px|30px|30px&#8221; global_colors_info=&#8221;{}&#8221;][\/et_pb_image][et_pb_text module_class=&#8221;doc-titel&#8221; _builder_version=&#8221;4.27.4&#8243; _module_preset=&#8221;default&#8221; custom_margin=&#8221;||1em||false|false&#8221; locked=&#8221;off&#8221; global_colors_info=&#8221;{}&#8221;]<\/p>\n<h3>Jos\u00e9 Francisco Su\u00e1rez S\u00e1nchez (M.D.)<\/h3>\n<p>[\/et_pb_text][et_pb_text _builder_version=&#8221;4.27.4&#8243; _module_preset=&#8221;default&#8221; global_colors_info=&#8221;{}&#8221;]<a class=\"mehr-erfahren-btn\" href=\"https:\/\/schoenheitschirurgie-ffm.de\/unser-aerzteteam\/\">Learn more<\/a>[\/et_pb_text][\/et_pb_column][et_pb_column type=&#8221;1_3&#8243; _builder_version=&#8221;4.27.4&#8243; _module_preset=&#8221;default&#8221; global_colors_info=&#8221;{}&#8221;][et_pb_image src=&#8221;https:\/\/schoenheitschirurgie-ffm.de\/wp-content\/uploads\/2025\/08\/dr-med-kiehlmann.jpg&#8221; title_text=&#8221;dr-med-kiehlmann&#8221; _builder_version=&#8221;4.27.4&#8243; _module_preset=&#8221;default&#8221; custom_margin=&#8221;||20px||false|false&#8221; custom_padding=&#8221;||||false|false&#8221; border_radii=&#8221;on|30px|30px|30px|30px&#8221; global_colors_info=&#8221;{}&#8221;][\/et_pb_image][et_pb_text module_class=&#8221;doc-titel&#8221; _builder_version=&#8221;4.27.4&#8243; _module_preset=&#8221;default&#8221; custom_margin=&#8221;||10px||false|false&#8221; global_colors_info=&#8221;{}&#8221;]<\/p>\n<h3>Dr. med. I. Kiehlmann<\/h3>\n<p>[\/et_pb_text][et_pb_text _builder_version=&#8221;4.27.4&#8243; _module_preset=&#8221;default&#8221; global_colors_info=&#8221;{}&#8221;]<a class=\"mehr-erfahren-btn\" href=\"https:\/\/schoenheitschirurgie-ffm.de\/unser-aerzteteam\/\">Learn more<\/a>[\/et_pb_text][\/et_pb_column][\/et_pb_row][\/et_pb_section][et_pb_section fb_built=&#8221;1&#8243; admin_label=&#8221;Quickfacts-Sektion&#8221; module_id=&#8221;fakten&#8221; module_class=&#8221;quickfacts-row&#8221; _builder_version=&#8221;4.27.4&#8243; _module_preset=&#8221;default&#8221; background_color=&#8221;#f2eee9&#8243; custom_padding=&#8221;75px||75px||true|false&#8221; hover_enabled=&#8221;0&#8243; global_colors_info=&#8221;{}&#8221; sticky_enabled=&#8221;0&#8243;][et_pb_row _builder_version=&#8221;4.27.4&#8243; _module_preset=&#8221;default&#8221; width=&#8221;90%&#8221; custom_padding=&#8221;0px||0px||true|false&#8221; locked=&#8221;off&#8221; global_colors_info=&#8221;{}&#8221;][et_pb_column type=&#8221;4_4&#8243; _builder_version=&#8221;4.27.4&#8243; _module_preset=&#8221;default&#8221; global_colors_info=&#8221;{}&#8221;][et_pb_text _builder_version=&#8221;4.27.4&#8243; _module_preset=&#8221;default&#8221; custom_margin=&#8221;||30px||false|false&#8221; global_colors_info=&#8221;{}&#8221;]<\/p>\n<h2 class=\"h1\" id=\"fakten\" style=\"text-align: center;\">Facts on Mini-abdominoplasty<\/h2>\n<p>[\/et_pb_text][\/et_pb_column][\/et_pb_row][et_pb_row _builder_version=&#8221;4.27.4&#8243; _module_preset=&#8221;default&#8221; custom_padding=&#8221;0px||0px||true|false&#8221; global_colors_info=&#8221;{}&#8221;][et_pb_column type=&#8221;4_4&#8243; _builder_version=&#8221;4.27.4&#8243; _module_preset=&#8221;default&#8221; global_colors_info=&#8221;{}&#8221;][et_pb_code admin_label=&#8221;TablePress QuickFacts Tabelle&#8221; module_class=&#8221;quickfacts-tablepress&#8221; _builder_version=&#8221;4.27.4&#8243; _module_preset=&#8221;default&#8221; global_colors_info=&#8221;{}&#8221;]\n<table id=\"tablepress-74\" class=\"tablepress tablepress-id-74\">\n<tbody>\n<tr class=\"row-1\">\n\t<td class=\"column-1\">Treatment methods<\/td><td class=\"column-2\">Incision above pubic region<\/td><td class=\"column-3\">\/wp-content\/uploads\/2025\/10\/medical.svg<\/td>\n<\/tr>\n<tr class=\"row-2\">\n\t<td class=\"column-1\">Treatment duration<\/td><td class=\"column-2\">60-90 min<\/td><td class=\"column-3\">\/wp-content\/uploads\/2025\/09\/time-1.svg<\/td>\n<\/tr>\n<tr class=\"row-3\">\n\t<td class=\"column-1\">Anaesthesia<\/td><td class=\"column-2\">Local anaesthetic, with sedation if required, or general anaesthetic<\/td><td class=\"column-3\">\/wp-content\/uploads\/2025\/09\/syringe.svg<\/td>\n<\/tr>\n<tr class=\"row-4\">\n\t<td class=\"column-1\">Aftercare<\/td><td class=\"column-2\">Supporting garment, check-ups after 10\u201312 days, 6 weeks, 6 months and 1 year<\/td><td class=\"column-3\">\/wp-content\/uploads\/2025\/09\/stethoscope-medical-tool.svg<\/td>\n<\/tr>\n<tr class=\"row-5\">\n\t<td class=\"column-1\">Removal of sutures<\/td><td class=\"column-2\">Absorbable sutures used<\/td><td class=\"column-3\">\/wp-content\/uploads\/2025\/10\/medical.svg<\/td>\n<\/tr>\n<tr class=\"row-6\">\n\t<td class=\"column-1\">Presentable<\/td><td class=\"column-2\">Next day<\/td><td class=\"column-3\">\/wp-content\/uploads\/2025\/09\/meeting.svg<\/td>\n<\/tr>\n<tr class=\"row-7\">\n\t<td class=\"column-1\">Costs<\/td><td class=\"column-2\">From 5,500 \u20ac plus anaesthetic, clinic and accommodation costs<br \/>\n<\/td><td class=\"column-3\">\/wp-content\/uploads\/2025\/10\/coin-stack.svg<\/td>\n<\/tr>\n<\/tbody>\n<\/table>\n<!-- #tablepress-74 from cache -->[\/et_pb_code][\/et_pb_column][\/et_pb_row][\/et_pb_section][et_pb_section fb_built=&#8221;1&#8243; _builder_version=&#8221;4.27.4&#8243; _module_preset=&#8221;default&#8221; background_color=&#8221;#f2eee9&#8243; custom_padding=&#8221;75px||75px||true|false&#8221; hover_enabled=&#8221;0&#8243; global_colors_info=&#8221;{}&#8221; module_class=&#8221;textblock&#8221; sticky_enabled=&#8221;0&#8243;][et_pb_row _builder_version=&#8221;4.27.4&#8243; _module_preset=&#8221;default&#8221; width=&#8221;90%&#8221; custom_padding=&#8221;0px||0px||true|false&#8221; global_colors_info=&#8221;{}&#8221;][et_pb_column type=&#8221;4_4&#8243; _builder_version=&#8221;4.27.4&#8243; _module_preset=&#8221;default&#8221; global_colors_info=&#8221;{}&#8221;][et_pb_text _builder_version=&#8221;4.27.4&#8243; _module_preset=&#8221;default&#8221; global_colors_info=&#8221;{}&#8221;]<\/p>\n<h2 class=\"heading\" style=\"text-align: left;\">Mini-abdominoplasty<\/h2>\n<p><span style=\"color: #000000;\">Many of our patients come to us because they want a flat, toned stomach. In our society, a slim torso is part of our ideal of beauty for men and women alike. Unfortunately, many people find that exercise alone isn\u2019t enough to achieve the body shape they desire. The stomach often doesn\u2019t form back into shape following pregnancy or significant weight loss. Excess skin and stubborn subcutaneous fat can cause a person to feel ill at ease in their own body.    <\/span><br \/><span style=\"color: #000000;\"><br \/>If someone has tried everything and still been unable to achieve the body shape they want, we can perform abdominoplasty to help them realise their goal. For some patients, the problem areas are exclusively below the navel. In such cases, a mini-abdominoplasty is often extensive enough to create an aesthetic silhouette. A gentle, less wide-ranging method to tauten the abdomen, this smaller procedure leaves the navel untouched. What\u2019s more, the surgical scope, costs and risks involved are considerably lower than for classic <a href=\"https:\/\/schoenheitschirurgie-ffm.de\/bauchdeckenstraffung\/\" title=\"Abdominoplasty\">abdominoplasty<\/a>.    <\/span><br \/><span style=\"color: #000000;\"><br \/>At Central Aesthetics, we\u2019re always happy to provide personal consultations on mini-abdominoplasty. In terms of opting for classic or simplified abdominoplasty, we always keep the patient\u2019s wishes and requirements at the forefront of our thinking. Of course, we\u2019d be happy to answer any queries in detail, and would be delighted to help you on the journey to your dream figure.  <\/span><\/p>\n<p><span style=\"color: #000000;\"><\/span><\/p>\n<div class=\"blog-btn-group\"><a id=\"myButtonId\" class=\"blog-main-btn\" href=\"#\">Your first step<\/a><br \/><a class=\"blog-main-btn blog-main-btn--filled\" href=\"#kontakt\">How to find us<\/a><\/div>\n<p>[\/et_pb_text][\/et_pb_column][\/et_pb_row][\/et_pb_section][et_pb_section fb_built=&#8221;1&#8243; module_id=&#8221;faq&#8221; _builder_version=&#8221;4.27.4&#8243; _module_preset=&#8221;default&#8221; background_color=&#8221;#f2eee9&#8243; custom_padding=&#8221;75px||75px||true|false&#8221; hover_enabled=&#8221;0&#8243; global_colors_info=&#8221;{}&#8221; sticky_enabled=&#8221;0&#8243;][et_pb_row module_class=&#8221;faq-video&#8221; _builder_version=&#8221;4.27.4&#8243; _module_preset=&#8221;default&#8221; width=&#8221;90%&#8221; custom_padding=&#8221;0px||3px|||&#8221; global_colors_info=&#8221;{}&#8221;][et_pb_column type=&#8221;4_4&#8243; _builder_version=&#8221;4.27.4&#8243; _module_preset=&#8221;default&#8221; global_colors_info=&#8221;{}&#8221;][et_pb_text _builder_version=&#8221;4.27.4&#8243; _module_preset=&#8221;default&#8221; custom_margin=&#8221;||20px||false|false&#8221; global_colors_info=&#8221;{}&#8221;]<\/p>\n<h2 class=\"h1\" style=\"text-align: center;\">Frequently asked questions on Mini-abdominoplasty<\/h2>\n<p>[\/et_pb_text]<br \/>\n[et_pb_accordion _builder_version=&#8221;4.27.4&#8243; _module_preset=&#8221;default&#8221; hover_enabled=&#8221;0&#8243; sticky_enabled=&#8221;0&#8243; module_class=&#8221;aweos-akkordeon-faq&#8221; open_toggle_text_color=&#8221;#2b2b2b&#8221; closed_toggle_text_color=&#8221;#2b2b2b&#8221;][et_pb_accordion_item _builder_version=&#8221;4.27.4&#8243; _module_preset=&#8221;default&#8221; title=&#8221;What is mini-abdominoplasty?&#8221; hover_enabled=&#8221;0&#8243; sticky_enabled=&#8221;0&#8243;]<\/p>\n<p>Mini-abdominoplasty is a reduced form of classic abdominoplasty. In this procedure, treatment is restricted to the area below the navel. Conventional abdominoplasty is a complex procedure in which the surgeon not only removes skin and fat tissue but also repositions the patient\u2019s navel. They also work to tighten the abdominal muscles. As a result, the conventional procedure is complicated and time-intensive; it also requires a relatively long rest and recovery period.<\/p>\n<p>Mini-abdominoplasty only involves removing excess skin and subcutaneous fatty tissues. To do this, the surgeon separates the skin and fat tissue from the abdominal muscles without affecting the muscles themselves. In most cases, the navel is also left in position. This shortened procedure offers various advantages for the patient: not only is it cheaper and less risky than classic abdominoplasty, the resulting surgical scars are also considerably smaller. Surgical incisions are made in inconspicuous locations above the pubic area.<\/p>\n<p>[\/et_pb_accordion_item][et_pb_accordion_item _builder_version=&#8221;4.27.4&#8243; _module_preset=&#8221;default&#8221; title=&#8221;Who is mini-abdominoplasty suitable for?&#8221; hover_enabled=&#8221;0&#8243; sticky_enabled=&#8221;0&#8243;]<\/p>\n<p>Mini-abdominoplasty is a treatment option for patients with excess skin and fatty tissue exclusively in the lower abdominal area. This generally occurs in people who are only slightly overweight or who simply can\u2019t shift the last, stubborn deposits of fat in their lower abdomen.<\/p>\n<p>If, on the other hand, the patient also suffers from excess tissues in or above the navel region, a classic abdominoplasty is usually a better choice. What\u2019s more, slackened stomach muscles are not treated in a mini-abdominoplasty. If you\u2019d like, we\u2019d be happy to arrange a one-to-one consultation in our practice to discuss which method would be most effective in your individual case.<\/p>\n<p>[\/et_pb_accordion_item][et_pb_accordion_item _builder_version=&#8221;4.27.4&#8243; _module_preset=&#8221;default&#8221; title=&#8221;When can I get back to everyday life after mini-abdominoplasty?&#8221; hover_enabled=&#8221;0&#8243; sticky_enabled=&#8221;0&#8243;]<\/p>\n<p>The recovery period following mini-abdominoplasty is considerably shorter than that after classic abdominoplasty. In fact, you\u2019ll be able to get back to your usual social commitments after only 1\u20132\u00a0days. The period of convalescence is shortened considerably by the surgical method used, which is kind to the retained tissues.<\/p>\n<p>After the surgery, drains and a small compressive garment will be fitted to the wounds. You might experience a slight feeling of tightness after the operation, but considerably less than would be the case following classic abdominoplasty. This means that the patient shouldn\u2019t be restricted in going about their daily life.<\/p>\n<p>[\/et_pb_accordion_item][et_pb_accordion_item _builder_version=&#8221;4.27.4&#8243; _module_preset=&#8221;default&#8221; title=&#8221;How long do the effects of mini-abdominoplasty last?&#8221; hover_enabled=&#8221;0&#8243; sticky_enabled=&#8221;0&#8243;]<\/p>\n<p>Mini-abdominoplasty allows us to achieve immediate yet long-lasting results. For the tightening effects to last, the patient must also adjust their lifestyle accordingly. After mini-abdominoplasty, you should make an effort to prevent significant weight gain by eating a healthy, nutritious diet. If you do this, it\u2019s unlikely that any further significant fat deposits or excess skin will develop.<\/p>\n<p>[\/et_pb_accordion_item][et_pb_accordion_item _builder_version=&#8221;4.27.4&#8243; _module_preset=&#8221;default&#8221; title=&#8221;Does mini-abdominoplasty result in visible scarring?&#8221; hover_enabled=&#8221;0&#8243; sticky_enabled=&#8221;0&#8243;]<\/p>\n<p>Mini-abdominoplasty does result in scarring; however, this scar is much smaller than is the case in classic abdominoplasty. What\u2019s more, the scar heals better as there\u2019s considerably less strain on the sutures. The scar runs above the pubic region and can usually be easily hidden beneath underwear or a bathing suit.<\/p>\n<p>[\/et_pb_accordion_item][et_pb_accordion_item _builder_version=&#8221;4.27.4&#8243; _module_preset=&#8221;default&#8221; title=&#8221;What are the risks in mini-abdominoplasty?&#8221; hover_enabled=&#8221;0&#8243; sticky_enabled=&#8221;0&#8243;]<\/p>\n<p>Mini-abdominoplasty is far less complex than classic abdominoplasty, thereby reducing the risks involved. Of course, as with all surgical procedures, in isolated cases general surgical complications can arise. These include secondary haemorrhages, infections, wound healing deficits or accumulations of pus and other fluids. However, when carried out competently and correctly, there are usually no serious complications to worry about in mini-abdominoplasty.<\/p>\n<p>[\/et_pb_accordion_item][et_pb_accordion_item _builder_version=&#8221;4.27.4&#8243; _module_preset=&#8221;default&#8221; title=&#8221;What are the advantages of a less extensive abdominoplasty?&#8221; hover_enabled=&#8221;0&#8243; sticky_enabled=&#8221;0&#8243;]<\/p>\n<p>Mini-abdominoplasty involves less risk, is a shorter procedure and is less expensive than classic abdominoplasty. It also takes a far lesser physical toll on the patient involved. The same applies to the required rest period, which is usually a matter of just a few days. Most patients recover from the procedure fairly quickly. Just as is the case for normal abdominoplasty, patients do have to wear a compressive garment after surgery \u2013 though it is somewhat smaller. As a result, mini-abdominoplasty barely impacts on patients\u2019 daily lives.<\/p>\n<p>The reduced scarring is a further advantage of the smaller procedure. The scar is smaller than in major abdominoplasty, which means it can also be hidden more easily. In most cases, the surgical scars disappear completely beneath underwear or bathing suits.<\/p>\n<p>[\/et_pb_accordion_item][et_pb_accordion_item _builder_version=&#8221;4.27.4&#8243; _module_preset=&#8221;default&#8221; title=&#8221;How much does mini-abdominoplasty cost?&#8221; hover_enabled=&#8221;0&#8243; sticky_enabled=&#8221;0&#8243;]<\/p>\n<p>The price of mini-abdominoplasty varies from \u20ac5.500 plus anaesthetic, clinic and accommodation costs, though the precise cost depends on your individual situation and the scope of treatment required.<\/p>\n<p>[\/et_pb_accordion_item][et_pb_accordion_item _builder_version=&#8221;4.27.4&#8243; _module_preset=&#8221;default&#8221; title=&#8221;Will my health insurance cover the costs of mini-abdominoplasty?&#8221; hover_enabled=&#8221;0&#8243; sticky_enabled=&#8221;0&#8243;]<\/p>\n<p>As our services are not covered by health insurance schemes, health insurance providers will not cover the costs of mini-abdominoplasty. Generally speaking, it\u2019s rare for statutory insurance providers to cover the costs of abdominoplasty.<\/p>\n<p>[\/et_pb_accordion_item][\/et_pb_accordion][\/et_pb_column][\/et_pb_row][\/et_pb_section][et_pb_section fb_built=&#8221;1&#8243; custom_padding_last_edited=&#8221;on|tablet&#8221; _builder_version=&#8221;4.27.4&#8243; _module_preset=&#8221;default&#8221; background_color=&#8221;#b08879&#8243; custom_margin=&#8221;75px||75px||true|false&#8221; custom_padding=&#8221;75px||75px||true|false&#8221; custom_padding_tablet=&#8221;25px||25px||true|false&#8221; custom_padding_phone=&#8221;25px||25px||true|false&#8221; hover_enabled=&#8221;0&#8243; background_last_edited=&#8221;on|desktop&#8221; background_enable_mask_style_tablet=&#8221;off&#8221; saved_tabs=&#8221;all&#8221; global_colors_info=&#8221;{}&#8221; module_class=&#8221;beginnedeinereise&#8221; sticky_enabled=&#8221;0&#8243;][et_pb_row _builder_version=&#8221;4.27.4&#8243; _module_preset=&#8221;default&#8221; width=&#8221;90%&#8221; custom_padding=&#8221;0px||0px||true|false&#8221; global_colors_info=&#8221;{}&#8221;][et_pb_column type=&#8221;4_4&#8243; _builder_version=&#8221;4.27.4&#8243; _module_preset=&#8221;default&#8221; global_colors_info=&#8221;{}&#8221;][et_pb_text _builder_version=&#8221;4.27.4&#8243; _module_preset=&#8221;default&#8221; header_text_color=&#8221;#FFFFFF&#8221; custom_margin=&#8221;||20px||false|false&#8221; custom_margin_tablet=&#8221;||5px||false|false&#8221; custom_margin_phone=&#8221;||5px||false|false&#8221; custom_margin_last_edited=&#8221;on|phone&#8221; global_colors_info=&#8221;{}&#8221;]<\/p>\n<h2 class=\"heading\" style=\"text-align: center;\"><span style=\"color: #ffffff;\">Start your journey with us here<\/span><\/h2>\n<p>[\/et_pb_text][et_pb_text _builder_version=&#8221;4.27.4&#8243; _module_preset=&#8221;default&#8221; global_colors_info=&#8221;{}&#8221;]<\/p>\n<div class=\"termin-btn-group\"><a id=\"myButtonId\" class=\"termin-main-btn\" href=\"#\">Your first step<\/a><br \/>\n<a class=\"termin-main-btn termin-main-btn--filled\" href=\"#kontakt\">Contact<\/a><\/div>\n<p>[\/et_pb_text][\/et_pb_column][\/et_pb_row][\/et_pb_section][et_pb_section fb_built=&#8221;1&#8243; custom_padding_last_edited=&#8221;on|desktop&#8221; _builder_version=&#8221;4.27.4&#8243; _module_preset=&#8221;default&#8221; background_color=&#8221;#b08879&#8243; custom_margin=&#8221;75px||||false|false&#8221; custom_margin_tablet=&#8221;30px||30px||true|false&#8221; custom_margin_phone=&#8221;30px||30px||true|false&#8221; custom_margin_last_edited=&#8221;on|tablet&#8221; custom_padding=&#8221;75px||75px||true|false&#8221; custom_padding_tablet=&#8221;30px||30px||true|false&#8221; custom_padding_phone=&#8221;30px||30px||true|false&#8221; hover_enabled=&#8221;0&#8243; saved_tabs=&#8221;all&#8221; global_colors_info=&#8221;{}&#8221; module_class=&#8221;geprueftdeb&#8221; sticky_enabled=&#8221;0&#8243;][et_pb_row column_structure=&#8221;1_3,2_3&#8243; custom_padding_last_edited=&#8221;on|phone&#8221; _builder_version=&#8221;4.27.4&#8243; _module_preset=&#8221;default&#8221; background_enable_color=&#8221;off&#8221; max_width=&#8221;953px&#8221; custom_padding=&#8221;0px|40px|0px|40px|true|true&#8221; custom_padding_tablet=&#8221;|10px||10px|true|true&#8221; custom_padding_phone=&#8221;&#8221; border_radii=&#8221;on|30px|30px|30px|30px&#8221; global_colors_info=&#8221;{}&#8221;][et_pb_column type=&#8221;1_3&#8243; _builder_version=&#8221;4.27.4&#8243; _module_preset=&#8221;default&#8221; global_colors_info=&#8221;{}&#8221;][et_pb_image src=&#8221;https:\/\/schoenheitschirurgie-ffm.de\/wp-content\/uploads\/2025\/10\/drdeb-arzt.jpg&#8221; alt=&#8221;Dr. Deb Arzt&#8221; title_text=&#8221;Dr. Deb Arzt&#8221; _builder_version=&#8221;4.27.4&#8243; _module_preset=&#8221;default&#8221; width_tablet=&#8221;50%&#8221; width_phone=&#8221;&#8221; width_last_edited=&#8221;on|tablet&#8221; module_alignment=&#8221;center&#8221; border_radii=&#8221;on|50%|50%|50%|50%&#8221; global_colors_info=&#8221;{}&#8221;][\/et_pb_image][\/et_pb_column][et_pb_column type=&#8221;2_3&#8243; _builder_version=&#8221;4.27.4&#8243; _module_preset=&#8221;default&#8221; global_colors_info=&#8221;{}&#8221;][et_pb_text _builder_version=&#8221;4.27.4&#8243; _module_preset=&#8221;default&#8221; header_2_font=&#8221;|600|||||||&#8221; header_2_text_color=&#8221;#FFFFFF&#8221; header_2_font_size=&#8221;24px&#8221; global_colors_info=&#8221;{}&#8221;]<\/p>\n<h2 class=\"heading\">Reviewed by Dr. Robin Deb<\/h2>\n<p><span style=\"color: white;\">Dr. Deb is a specialist in plastic and aesthetic surgery and founder of Central Aesthetics. Thanks to his many years of expertise, the specialist has extensive medical knowledge. The information presented on this page has been personally reviewed by Dr. Deb and is based on the highest medical standards in plastic and aesthetic surgery.<\/span><\/p>\n<p><a href=\"#kontakt\" class=\"termin-main-btn termin-main-btn--filled\" style=\"margin-top: -10px;\">Contact us<\/a><\/p>\n<p>[\/et_pb_text][\/et_pb_column][\/et_pb_row][\/et_pb_section][et_pb_section fb_built=&#8221;1&#8243; fullwidth=&#8221;on&#8221; module_class=&#8221;mitglieder-section&#8221; _builder_version=&#8221;4.27.4&#8243; _module_preset=&#8221;default&#8221; global_colors_info=&#8221;{}&#8221;][et_pb_fullwidth_code _builder_version=&#8221;4.27.4&#8243; _module_preset=&#8221;default&#8221; global_colors_info=&#8221;{}&#8221;]<\/p>\n<section class=\"footer-mitgliedschaften-section\"><!-- [et_pb_line_break_holder] -->  <\/p>\n<div class=\"mitgliedschaften\"><!-- [et_pb_line_break_holder] -->    <\/p>\n<div class=\"mitgliedschaften-slides-wrapper\"><!-- [et_pb_line_break_holder] --><!-- [et_pb_line_break_holder] -->      <!-- VD\u00c4PC (Bild) --><!-- [et_pb_line_break_holder] -->      <\/p>\n<div class=\"mitgliedschaften-slide\"><!-- [et_pb_line_break_holder] -->        <img decoding=\"async\" src=\"\/wp-content\/uploads\/2025\/08\/VDAePC.svg\" <!-- [et_pb_line_break_holder] -->             alt=&#8221;VD\u00c4PC \u2013 Vereinigung der Deutschen \u00c4sthetisch-Plastischen Chirurgen&#8221;><!-- [et_pb_line_break_holder] -->      <\/div>\n<p><!-- [et_pb_line_break_holder] --><!-- [et_pb_line_break_holder] -->      <!-- Google Rating (HTML-Kachel) --><!-- [et_pb_line_break_holder] -->      <\/p>\n<div class=\"mitgliedschaften-slide\"><!-- [et_pb_line_break_holder] -->        <\/p>\n<div class=\"rating-card rating-card--google\" aria-label=\"Google Rating 4.89 von 5 Sternen\"><!-- [et_pb_line_break_holder] -->          <img class=\"rating-logo\"<!-- [et_pb_line_break_holder] -->               src=&#8221;\/wp-content\/uploads\/2025\/08\/google-1.svg&#8221;<!-- [et_pb_line_break_holder] -->               alt=&#8221;Google Logo&#8221;><!-- [et_pb_line_break_holder] -->          <\/p>\n<div class=\"rating-text\"><!-- [et_pb_line_break_holder] -->            <span class=\"rating-title\">Google Rating<\/span><!-- [et_pb_line_break_holder] -->            <span class=\"rating-score\"><!-- [et_pb_line_break_holder] -->              <span class=\"rating-value\">4.89<\/span><!-- [et_pb_line_break_holder] -->              <span class=\"rating-stars\" aria-hidden=\"true\">\u2605\u2605\u2605\u2605\u2605<\/span><!-- [et_pb_line_break_holder] -->            <\/span><!-- [et_pb_line_break_holder] -->          <\/div>\n<p><!-- [et_pb_line_break_holder] -->        <\/div>\n<p><!-- [et_pb_line_break_holder] -->      <\/div>\n<p><!-- [et_pb_line_break_holder] --><!-- [et_pb_line_break_holder] -->      <!-- DGPR\u00c4C (Bild) --><!-- [et_pb_line_break_holder] -->      <\/p>\n<div class=\"mitgliedschaften-slide\"><!-- [et_pb_line_break_holder] -->        <img decoding=\"async\" src=\"\/wp-content\/uploads\/2025\/08\/DGPRAeC.svg\" <!-- [et_pb_line_break_holder] -->             alt=&#8221;DGPR\u00c4C \u2013 Deutsche Gesellschaft der Plastischen, Rekonstruktiven und \u00c4sthetischen Chirurgen&#8221;><!-- [et_pb_line_break_holder] -->      <\/div>\n<p><!-- [et_pb_line_break_holder] --><!-- [et_pb_line_break_holder] -->      <!-- ProvenExpert (HTML-Kachel mit Link) --><!-- [et_pb_line_break_holder] -->      <\/p>\n<div class=\"mitgliedschaften-slide\"><!-- [et_pb_line_break_holder] -->        <a class=\"rating-card rating-card--provenexpert\"<!-- [et_pb_line_break_holder] -->           href=&#8221;https:\/\/www.provenexpert.com\/central-aesthetics-by-dr-deb-plastische-chirurgie-frankfurt\/&#8221;<!-- [et_pb_line_break_holder] -->           target=&#8221;_blank&#8221; rel=&#8221;noopener&#8221;<!-- [et_pb_line_break_holder] -->           aria-label=&#8221;ProvenExpert Bewertung 4.90 von 5 \u2013 282 Bewertungen&#8221;><!-- [et_pb_line_break_holder] -->          <img class=\"proven-rating-logo\"<!-- [et_pb_line_break_holder] -->               src=&#8221;\/wp-content\/uploads\/2025\/08\/widget.png&#8221;<!-- [et_pb_line_break_holder] -->               alt=&#8221;ProvenExpert Logo&#8221;><!-- [et_pb_line_break_holder] -->          <\/p>\n<div class=\"rating-text\"><!-- [et_pb_line_break_holder] -->            <span class=\"rating-title\">Proven Expert<\/span><!-- [et_pb_line_break_holder] -->            <span class=\"rating-score\"><!-- [et_pb_line_break_holder] -->              <span class=\"rating-value\">4.90<\/span> \/ 5<!-- [et_pb_line_break_holder] -->            <\/span><!-- [et_pb_line_break_holder] -->            <span class=\"rating-sub\">314\u00a0Bewertungen<\/span><!-- [et_pb_line_break_holder] -->            <span class=\"rating-tagline\">It&#8217;s All About Trust<\/span><!-- [et_pb_line_break_holder] -->          <\/div>\n<p><!-- [et_pb_line_break_holder] -->        <\/a><!-- [et_pb_line_break_holder] -->      <\/div>\n<p><!-- [et_pb_line_break_holder] --><!-- [et_pb_line_break_holder] -->    <\/div>\n<p><!-- [et_pb_line_break_holder] -->  <\/div>\n<p><!-- [et_pb_line_break_holder] --><\/section>\n<p>[\/et_pb_fullwidth_code][\/et_pb_section][et_pb_section fb_built=&#8221;1&#8243; module_id=&#8221;ratenrechner&#8221; _builder_version=&#8221;4.27.4&#8243; _module_preset=&#8221;default&#8221; background_color=&#8221;#f2eee9&#8243; custom_padding=&#8221;0px||75px|||&#8221; hover_enabled=&#8221;0&#8243; global_colors_info=&#8221;{}&#8221; sticky_enabled=&#8221;0&#8243;][et_pb_row module_class=&#8221;faq-video&#8221; _builder_version=&#8221;4.27.4&#8243; _module_preset=&#8221;default&#8221; width=&#8221;90%&#8221; custom_padding=&#8221;0px||3px|||&#8221; global_colors_info=&#8221;{}&#8221;][et_pb_column type=&#8221;4_4&#8243; _builder_version=&#8221;4.27.4&#8243; _module_preset=&#8221;default&#8221; global_colors_info=&#8221;{}&#8221;][et_pb_cta title=&#8221;Pay for treatment in installments?&#8221; button_url=&#8221;https:\/\/schoenheitschirurgie-ffm.de\/preise\/#finanzierung&#8221; module_class=&#8221;ratenrechner-cta&#8221; _builder_version=&#8221;4.27.4&#8243; _module_preset=&#8221;default&#8221; body_text_color=&#8221;#FFFFFF&#8221; background_color=&#8221;#b08879&#8243; custom_padding=&#8221;||30px|||&#8221; custom_css_free_form=&#8221;selector h2 {||  margin-bottom:10px !important;||}&#8221; border_radii=&#8221;on|30px|30px|30px|30px&#8221; global_colors_info=&#8221;{}&#8221;]<\/p>\n<p><a href=\"https:\/\/schoenheitschirurgie-ffm.de\/preise\/#finanzierung\" class=\"termin-main-btn termin-main-btn--filled\">To the rate Calculator<\/a><\/p>\n<p>[\/et_pb_cta][\/et_pb_column][\/et_pb_row][\/et_pb_section][et_pb_section fb_built=&#8221;1&#8243; admin_label=&#8221;KONTAKT&#8221; module_id=&#8221;kontakt&#8221; module_class=&#8221;kontakt-section&#8221; _builder_version=&#8221;4.27.4&#8243; _module_preset=&#8221;default&#8221; custom_margin=&#8221;60px||75px|||&#8221; custom_padding=&#8221;75px||75px|||&#8221; locked=&#8221;off&#8221; collapsed=&#8221;off&#8221; global_colors_info=&#8221;{}&#8221;][et_pb_row column_structure=&#8221;1_2,1_2&#8243; module_class=&#8221;kontakt-row&#8221; _builder_version=&#8221;4.27.4&#8243; _module_preset=&#8221;default&#8221; width=&#8221;90%&#8221; custom_padding=&#8221;2px||0px|||&#8221; global_colors_info=&#8221;{}&#8221;][et_pb_column type=&#8221;1_2&#8243; _builder_version=&#8221;4.27.4&#8243; _module_preset=&#8221;default&#8221; global_colors_info=&#8221;{}&#8221;][et_pb_text _builder_version=&#8221;4.27.4&#8243; _module_preset=&#8221;default&#8221; header_2_font_size=&#8221;25px&#8221; global_colors_info=&#8221;{}&#8221;]<\/p>\n<div class=\"kontakt-info\">\n<div class=\"kontakt-content\">\n<p><!-- Linke Spalte: Kontakt --><\/p>\n<div class=\"kontakt-left\">\n<div class=\"kontakt-header\">\n<h2 class=\"heading-primary\">Central Aesthetics<br \/>\nby Dr. Deb<\/h2>\n<\/div>\n<div class=\"kontakt-links\">\n<div class=\"kontakt-item phone-icon\"><a href=\"tel:+4969247549510\">069 247 5495 10<\/a><\/div>\n<div class=\"kontakt-item email-icon\"><a href=\"mailto:mail@central-aesthetics.de\">mail@central-aesthetics.de<\/a><\/div>\n<div class=\"kontakt-item location-icon\">\n<div class=\"address-content\">Mainzer Landstra\u00dfe 65<br \/>\n60329 Frankfurt am Main<\/div>\n<\/div>\n<\/div>\n<\/div>\n<p><!-- Rechte Spalte: \u00d6ffnungszeiten --><\/p>\n<div class=\"kontakt-right\">\n<div class=\"oeffnungszeiten\">\n<h2>Opening hours<\/h2>\n<table>\n<tbody>\n<tr>\n<td>Monday<\/td>\n<td>9:00 a.m. \u2013 6:00 p.m.<\/td>\n<\/tr>\n<tr>\n<td>Tuesday<\/td>\n<td>9:00 a.m. \u2013 6:00 p.m.<\/td>\n<\/tr>\n<tr>\n<td>Wednesday<\/td>\n<td>9:00 a.m. \u2013 6:00 p.m.<\/td>\n<\/tr>\n<tr>\n<td>Thursday<\/td>\n<td>9:00 a.m. \u2013 6:00 p.m.<\/td>\n<\/tr>\n<tr>\n<td>Friday<\/td>\n<td>9:00 a.m. \u2013 6:00 p.m.<\/td>\n<\/tr>\n<\/tbody>\n<\/table>\n<p>and by appointment<\/p>\n<\/div>\n<\/div>\n<\/div>\n<div class=\"kontakt-map\">\n<div class=\"brlbs-cmpnt-container brlbs-cmpnt-content-blocker brlbs-cmpnt-with-individual-styles\" data-borlabs-cookie-content-blocker-id=\"default\" data-borlabs-cookie-content=\"PGlmcmFtZSBzcmM9Imh0dHBzOi8vd3d3Lmdvb2dsZS5jb20vbWFwcy9lbWJlZD9wYj0hMW0xOCExbTEyITFtMyExZDI1NTguNzM5NDg0ODczODM2MyEyZDguNjYyMTY0MiEzZDUwLjEwOTg4Mjk5OTk5OTk5NiEybTMhMWYwITJmMCEzZjAhM20yITFpMTAyNCEyaTc2OCE0ZjEzLjEhM20zITFtMiExczB4NDdiZDA5MjI3MGQ4N2I1ZCUzQTB4YzE5NzBjMjk4OGFhYjBmZiEyc0NlbnRyYWwlMjBBZXN0aGV0aWNzJTIwYnklMjBEci4lMjBEZWIlMjAlN0MlMjBQcmF4aXMlMjBmJUMzJUJDciUyMFBsYXN0aXNjaGUlMjB1bmQlMjAlQzMlODRzdGhldGlzY2hlJTIwQ2hpcnVyZ2llJTIwRnJhbmtmdXJ0ITVlMCEzbTIhMXNkZSEyc2RlITR2MTc1MDQxNzQ0MzIxOSE1bTIhMXNkZSEyc2RlIiB3aWR0aD0iMTAwJSIgaGVpZ2h0PSIyNTAiIHN0eWxlPSJib3JkZXI6IDA7IiBhbGxvd2Z1bGxzY3JlZW49IiIgbG9hZGluZz0ibGF6eSIgcmVmZXJyZXJwb2xpY3k9Im5vLXJlZmVycmVyLXdoZW4tZG93bmdyYWRlIj48L2lmcmFtZT4=\">\n<div class=\"brlbs-cmpnt-cb-preset-a\">\n<p class=\"brlbs-cmpnt-cb-description\">You are currently viewing a placeholder content from <strong>Default<\/strong>. To access the actual content, click the button below. Please note that doing so will share data with third-party providers.<\/p>\n<div class=\"brlbs-cmpnt-cb-buttons\"> <a class=\"brlbs-cmpnt-cb-btn\" href=\"#\" data-borlabs-cookie-unblock role=\"button\">Unblock content<\/a> <a class=\"brlbs-cmpnt-cb-btn\" href=\"#\" data-borlabs-cookie-accept-service role=\"button\" style=\"display: none\">Accept required service and unblock content<\/a> <\/div>\n<p> <a class=\"brlbs-cmpnt-cb-provider-toggle\" href=\"#\" data-borlabs-cookie-show-provider-information role=\"button\">More Information<\/a> <\/div>\n<\/div>\n<\/div>\n<\/div>\n<p>[\/et_pb_text][\/et_pb_column][et_pb_column type=&#8221;1_2&#8243; _builder_version=&#8221;4.27.4&#8243; _module_preset=&#8221;default&#8221; global_colors_info=&#8221;{}&#8221;][et_pb_text _builder_version=&#8221;4.27.4&#8243; _module_preset=&#8221;default&#8221; global_colors_info=&#8221;{}&#8221;]\n<div class=\"wpcf7 no-js\" id=\"wpcf7-f5075-o1\" lang=\"en-US\" dir=\"ltr\" data-wpcf7-id=\"5075\">\n<div class=\"screen-reader-response\"><p role=\"status\" aria-live=\"polite\" aria-atomic=\"true\"><\/p> <ul><\/ul><\/div>\n<form action=\"\/en\/wp-json\/wp\/v2\/pages\/5345#wpcf7-f5075-o1\" method=\"post\" class=\"wpcf7-form init\" aria-label=\"Contact form\" novalidate=\"novalidate\" data-status=\"init\">\n<fieldset class=\"hidden-fields-container\"><input type=\"hidden\" name=\"_wpcf7\" value=\"5075\" \/><input type=\"hidden\" name=\"_wpcf7_version\" value=\"6.1.5\" \/><input type=\"hidden\" name=\"_wpcf7_locale\" value=\"en_US\" \/><input type=\"hidden\" name=\"_wpcf7_unit_tag\" value=\"wpcf7-f5075-o1\" \/><input type=\"hidden\" name=\"_wpcf7_container_post\" value=\"0\" \/><input type=\"hidden\" name=\"_wpcf7_posted_data_hash\" value=\"\" \/>\n<\/fieldset>\n<div class=\"form-row\">\n\t<div class=\"form-group col-half\">\n\t\t<p><span class=\"wpcf7-form-control-wrap\" data-name=\"anrede\"><select class=\"wpcf7-form-control wpcf7-select wpcf7-validates-as-required cf7-select\" id=\"anrede\" aria-required=\"true\" aria-invalid=\"false\" name=\"anrede\"><option value=\"Salutation*\">Salutation*<\/option><option value=\"Ms.\">Ms.<\/option><option value=\"Mr.\">Mr.<\/option><option value=\"Other\">Other<\/option><\/select><\/span>\n\t\t<\/p>\n\t<\/div>\n\t<div class=\"form-group col-half\">\n\t\t<p><span class=\"wpcf7-form-control-wrap\" data-name=\"vorname\"><input size=\"40\" maxlength=\"400\" class=\"wpcf7-form-control wpcf7-text wpcf7-validates-as-required cf7-text\" id=\"vorname\" aria-required=\"true\" aria-invalid=\"false\" placeholder=\"First name*\" value=\"\" type=\"text\" name=\"vorname\" \/><\/span>\n\t\t<\/p>\n\t<\/div>\n<\/div>\n<div class=\"form-row\">\n\t<div class=\"form-group col-half\">\n\t\t<p><span class=\"wpcf7-form-control-wrap\" data-name=\"nachname\"><input size=\"40\" maxlength=\"400\" class=\"wpcf7-form-control wpcf7-text wpcf7-validates-as-required cf7-text\" id=\"nachname\" aria-required=\"true\" aria-invalid=\"false\" placeholder=\"Last name*\" value=\"\" type=\"text\" name=\"nachname\" \/><\/span>\n\t\t<\/p>\n\t<\/div>\n\t<div class=\"form-group col-half\">\n\t\t<p><span class=\"wpcf7-form-control-wrap\" data-name=\"your-email\"><input size=\"40\" maxlength=\"400\" class=\"wpcf7-form-control wpcf7-email wpcf7-validates-as-required wpcf7-text wpcf7-validates-as-email cf7-email\" id=\"your-email\" autocomplete=\"email\" aria-required=\"true\" aria-invalid=\"false\" placeholder=\"Email*\" value=\"\" type=\"email\" name=\"your-email\" \/><\/span>\n\t\t<\/p>\n\t<\/div>\n<\/div>\n<div class=\"form-group\">\n\t<p><span class=\"wpcf7-form-control-wrap\" data-name=\"telefon\"><input size=\"40\" maxlength=\"400\" class=\"wpcf7-form-control wpcf7-tel wpcf7-validates-as-required wpcf7-text wpcf7-validates-as-tel cf7-tel\" id=\"telefon\" aria-required=\"true\" aria-invalid=\"false\" placeholder=\"Phone*\" value=\"\" type=\"tel\" name=\"telefon\" \/><\/span>\n\t<\/p>\n<\/div>\n<div class=\"form-group\">\n\t<p><span class=\"wpcf7-form-control-wrap\" data-name=\"your-message\"><textarea cols=\"40\" rows=\"10\" maxlength=\"2000\" class=\"wpcf7-form-control wpcf7-textarea cf7-textarea\" id=\"your-message\" aria-invalid=\"false\" placeholder=\"Message*\" name=\"your-message\"><\/textarea><\/span>\n\t<\/p>\n<\/div>\n<div class=\"form-footer\">\n\t<div class=\"akzeptieren-form\">\n\t\t<p><span class=\"wpcf7-form-control-wrap\" data-name=\"datenschutz\"><span class=\"wpcf7-form-control wpcf7-acceptance\"><span class=\"wpcf7-list-item\"><label><input type=\"checkbox\" name=\"datenschutz\" value=\"1\" class=\"cf7-acceptance\" aria-invalid=\"false\" \/><span class=\"wpcf7-list-item-label\">I have read the <a target=\"_blank\" href=\"\/datenschutzerklaerung\/\">Privacy Policy<\/a>.<\/span><\/label><\/span><\/span><\/span>\n\t\t<\/p>\n\t<\/div>\n\t<div class=\"sternchen\">\n\t\t<p>All fields marked with an asterisk (*) are required.\n\t\t<\/p>\n\t<\/div>\n<\/div>\n<p><input class=\"wpcf7-form-control wpcf7-submit has-spinner cf7-submit\" type=\"submit\" value=\"Send\" \/>\n<\/p><div class=\"wpcf7-response-output\" aria-hidden=\"true\"><\/div>\n<\/form>\n<\/div>\n[\/et_pb_text][\/et_pb_column][\/et_pb_row][\/et_pb_section]<\/p>\n","protected":false},"excerpt":{"rendered":"<p>FactsFAQContactYour team of expertsDr. med. Robin DebLearn moreJos\u00e9 Francisco Su\u00e1rez S\u00e1nchez (M.D.)Learn moreDr. med. I. KiehlmannLearn moreFacts on Mini-abdominoplasty\n<table id=\"tablepress-74-no-2\" class=\"tablepress tablepress-id-74\">\n<tbody>\n<tr class=\"row-1\">\n\t<td class=\"column-1\">Treatment methods<\/td><td class=\"column-2\">Incision above pubic region<\/td><td class=\"column-3\">\/wp-content\/uploads\/2025\/10\/medical.svg<\/td>\n<\/tr>\n<tr class=\"row-2\">\n\t<td class=\"column-1\">Treatment duration<\/td><td class=\"column-2\">60-90 min<\/td><td class=\"column-3\">\/wp-content\/uploads\/2025\/09\/time-1.svg<\/td>\n<\/tr>\n<tr class=\"row-3\">\n\t<td class=\"column-1\">Anaesthesia<\/td><td class=\"column-2\">Local anaesthetic, with sedation if required, or general anaesthetic<\/td><td class=\"column-3\">\/wp-content\/uploads\/2025\/09\/syringe.svg<\/td>\n<\/tr>\n<tr class=\"row-4\">\n\t<td class=\"column-1\">Aftercare<\/td><td class=\"column-2\">Supporting garment, check-ups after 10\u201312 days, 6 weeks, 6 months and 1 year<\/td><td class=\"column-3\">\/wp-content\/uploads\/2025\/09\/stethoscope-medical-tool.svg<\/td>\n<\/tr>\n<tr class=\"row-5\">\n\t<td class=\"column-1\">Removal of sutures<\/td><td class=\"column-2\">Absorbable sutures used<\/td><td class=\"column-3\">\/wp-content\/uploads\/2025\/10\/medical.svg<\/td>\n<\/tr>\n<tr class=\"row-6\">\n\t<td class=\"column-1\">Presentable<\/td><td class=\"column-2\">Next day<\/td><td class=\"column-3\">\/wp-content\/uploads\/2025\/09\/meeting.svg<\/td>\n<\/tr>\n<tr class=\"row-7\">\n\t<td class=\"column-1\">Costs<\/td><td class=\"column-2\">From 5,500 \u20ac plus anaesthetic, clinic and accommodation costs<br \/>\n<\/td><td class=\"column-3\">\/wp-content\/uploads\/2025\/10\/coin-stack.svg<\/td>\n<\/tr>\n<\/tbody>\n<\/table>\n<!-- #tablepress-74-no-2 from cache -->Mini-abdominoplasty Many of our patients come to us because they want a flat, toned stomach. In our society, a slim torso is part of our ideal of beauty for men and women alike. Unfortunately, many [&hellip;]<\/p>\n","protected":false},"author":1,"featured_media":4108,"parent":0,"menu_order":0,"comment_status":"closed","ping_status":"closed","template":"","meta":{"_acf_changed":false,"_et_pb_use_builder":"on","_et_pb_old_content":"","_et_gb_content_width":"","footnotes":""},"class_list":["post-5345","page","type-page","status-publish","has-post-thumbnail","hentry"],"acf":[],"yoast_head":"<!-- This site is optimized with the Yoast SEO plugin v27.5 - https:\/\/yoast.com\/product\/yoast-seo-wordpress\/ -->\n<title>Mini-abdominoplasty in Frankfurt - Central Aesthetics by Dr. Deb<\/title>\n<meta name=\"description\" content=\"Mini-abdominoplasty in Frankfurt. Specialist \u2713 All information at a glance \u2713 individual consultation \u2713 professional treatment \u2713 Book your appointment now \u260e\" \/>\n<meta name=\"robots\" content=\"index, follow, max-snippet:-1, max-image-preview:large, max-video-preview:-1\" \/>\n<link rel=\"canonical\" href=\"https:\/\/www.schoenheitschirurgie-ffm.de\/en\/mini-abdominoplasty\/\" \/>\n<meta property=\"og:locale\" content=\"en_US\" \/>\n<meta property=\"og:type\" content=\"article\" \/>\n<meta property=\"og:title\" content=\"Mini-abdominoplasty in Frankfurt - Central Aesthetics by Dr. Deb\" \/>\n<meta property=\"og:description\" content=\"Mini-abdominoplasty in Frankfurt. Specialist \u2713 All information at a glance \u2713 individual consultation \u2713 professional treatment \u2713 Book your appointment now \u260e\" \/>\n<meta property=\"og:url\" content=\"https:\/\/www.schoenheitschirurgie-ffm.de\/en\/mini-abdominoplasty\/\" \/>\n<meta property=\"og:site_name\" content=\"Central Aesthetics by Dr. Deb\" \/>\n<meta property=\"article:publisher\" content=\"https:\/\/www.facebook.com\/centralaestheticsffm\" \/>\n<meta property=\"article:modified_time\" content=\"2025-11-27T17:00:22+00:00\" \/>\n<meta property=\"og:image\" content=\"https:\/\/www.schoenheitschirurgie-ffm.de\/wp-content\/uploads\/2025\/11\/mini-bauchdeckenstraffung-in-frankfurt.jpg\" \/>\n\t<meta property=\"og:image:width\" content=\"1500\" \/>\n\t<meta property=\"og:image:height\" content=\"800\" \/>\n\t<meta property=\"og:image:type\" content=\"image\/jpeg\" \/>\n<meta name=\"twitter:card\" content=\"summary_large_image\" \/>\n<meta name=\"twitter:label1\" content=\"Est. reading time\" \/>\n\t<meta name=\"twitter:data1\" content=\"14 minutes\" \/>\n<script type=\"application\/ld+json\" class=\"yoast-schema-graph\">{\"@context\":\"https:\\\/\\\/schema.org\",\"@graph\":[{\"@type\":\"WebPage\",\"@id\":\"https:\\\/\\\/www.schoenheitschirurgie-ffm.de\\\/en\\\/mini-abdominoplasty\\\/\",\"url\":\"https:\\\/\\\/www.schoenheitschirurgie-ffm.de\\\/en\\\/mini-abdominoplasty\\\/\",\"name\":\"Mini-abdominoplasty in Frankfurt - Central Aesthetics by Dr. Deb\",\"isPartOf\":{\"@id\":\"https:\\\/\\\/www.schoenheitschirurgie-ffm.de\\\/en\\\/#website\"},\"primaryImageOfPage\":{\"@id\":\"https:\\\/\\\/www.schoenheitschirurgie-ffm.de\\\/en\\\/mini-abdominoplasty\\\/#primaryimage\"},\"image\":{\"@id\":\"https:\\\/\\\/www.schoenheitschirurgie-ffm.de\\\/en\\\/mini-abdominoplasty\\\/#primaryimage\"},\"thumbnailUrl\":\"https:\\\/\\\/www.schoenheitschirurgie-ffm.de\\\/wp-content\\\/uploads\\\/2025\\\/11\\\/mini-bauchdeckenstraffung-in-frankfurt.jpg\",\"datePublished\":\"2025-10-21T08:55:03+00:00\",\"dateModified\":\"2025-11-27T17:00:22+00:00\",\"description\":\"Mini-abdominoplasty in Frankfurt. Specialist \u2713 All information at a glance \u2713 individual consultation \u2713 professional treatment \u2713 Book your appointment now \u260e\",\"breadcrumb\":{\"@id\":\"https:\\\/\\\/www.schoenheitschirurgie-ffm.de\\\/en\\\/mini-abdominoplasty\\\/#breadcrumb\"},\"inLanguage\":\"en-US\",\"potentialAction\":[{\"@type\":\"ReadAction\",\"target\":[\"https:\\\/\\\/www.schoenheitschirurgie-ffm.de\\\/en\\\/mini-abdominoplasty\\\/\"]}]},{\"@type\":\"ImageObject\",\"inLanguage\":\"en-US\",\"@id\":\"https:\\\/\\\/www.schoenheitschirurgie-ffm.de\\\/en\\\/mini-abdominoplasty\\\/#primaryimage\",\"url\":\"https:\\\/\\\/www.schoenheitschirurgie-ffm.de\\\/wp-content\\\/uploads\\\/2025\\\/11\\\/mini-bauchdeckenstraffung-in-frankfurt.jpg\",\"contentUrl\":\"https:\\\/\\\/www.schoenheitschirurgie-ffm.de\\\/wp-content\\\/uploads\\\/2025\\\/11\\\/mini-bauchdeckenstraffung-in-frankfurt.jpg\",\"width\":1500,\"height\":800,\"caption\":\"Mini Bauchdeckenstraffung in Frankfurt\"},{\"@type\":\"BreadcrumbList\",\"@id\":\"https:\\\/\\\/www.schoenheitschirurgie-ffm.de\\\/en\\\/mini-abdominoplasty\\\/#breadcrumb\",\"itemListElement\":[{\"@type\":\"ListItem\",\"position\":1,\"name\":\"Startseite\",\"item\":\"https:\\\/\\\/www.schoenheitschirurgie-ffm.de\\\/en\\\/\"},{\"@type\":\"ListItem\",\"position\":2,\"name\":\"Mini-abdominoplasty\"}]},{\"@type\":\"WebSite\",\"@id\":\"https:\\\/\\\/www.schoenheitschirurgie-ffm.de\\\/en\\\/#website\",\"url\":\"https:\\\/\\\/www.schoenheitschirurgie-ffm.de\\\/en\\\/\",\"name\":\"Central Aesthetics by Dr. Deb\",\"description\":\"\",\"publisher\":{\"@id\":\"https:\\\/\\\/www.schoenheitschirurgie-ffm.de\\\/en\\\/#organization\"},\"potentialAction\":[{\"@type\":\"SearchAction\",\"target\":{\"@type\":\"EntryPoint\",\"urlTemplate\":\"https:\\\/\\\/www.schoenheitschirurgie-ffm.de\\\/en\\\/?s={search_term_string}\"},\"query-input\":{\"@type\":\"PropertyValueSpecification\",\"valueRequired\":true,\"valueName\":\"search_term_string\"}}],\"inLanguage\":\"en-US\"},{\"@type\":\"Organization\",\"@id\":\"https:\\\/\\\/www.schoenheitschirurgie-ffm.de\\\/en\\\/#organization\",\"name\":\"Central Aesthetics by Dr. Deb\",\"url\":\"https:\\\/\\\/www.schoenheitschirurgie-ffm.de\\\/en\\\/\",\"logo\":{\"@type\":\"ImageObject\",\"inLanguage\":\"en-US\",\"@id\":\"https:\\\/\\\/www.schoenheitschirurgie-ffm.de\\\/en\\\/#\\\/schema\\\/logo\\\/image\\\/\",\"url\":\"https:\\\/\\\/schoenheitschirurgie-ffm.de\\\/wp-content\\\/uploads\\\/2025\\\/03\\\/logo-central-aesthetics.svg\",\"contentUrl\":\"https:\\\/\\\/schoenheitschirurgie-ffm.de\\\/wp-content\\\/uploads\\\/2025\\\/03\\\/logo-central-aesthetics.svg\",\"width\":1,\"height\":1,\"caption\":\"Central Aesthetics by Dr. Deb\"},\"image\":{\"@id\":\"https:\\\/\\\/www.schoenheitschirurgie-ffm.de\\\/en\\\/#\\\/schema\\\/logo\\\/image\\\/\"},\"sameAs\":[\"https:\\\/\\\/www.facebook.com\\\/centralaestheticsffm\",\"https:\\\/\\\/www.instagram.com\\\/central_aesthetics_dr.deb\\\/\"]}]}<\/script>\n<!-- \/ Yoast SEO plugin. -->","yoast_head_json":{"title":"Mini-abdominoplasty in Frankfurt - Central Aesthetics by Dr. Deb","description":"Mini-abdominoplasty in Frankfurt. Specialist \u2713 All information at a glance \u2713 individual consultation \u2713 professional treatment \u2713 Book your appointment now \u260e","robots":{"index":"index","follow":"follow","max-snippet":"max-snippet:-1","max-image-preview":"max-image-preview:large","max-video-preview":"max-video-preview:-1"},"canonical":"https:\/\/www.schoenheitschirurgie-ffm.de\/en\/mini-abdominoplasty\/","og_locale":"en_US","og_type":"article","og_title":"Mini-abdominoplasty in Frankfurt - Central Aesthetics by Dr. Deb","og_description":"Mini-abdominoplasty in Frankfurt. Specialist \u2713 All information at a glance \u2713 individual consultation \u2713 professional treatment \u2713 Book your appointment now \u260e","og_url":"https:\/\/www.schoenheitschirurgie-ffm.de\/en\/mini-abdominoplasty\/","og_site_name":"Central Aesthetics by Dr. Deb","article_publisher":"https:\/\/www.facebook.com\/centralaestheticsffm","article_modified_time":"2025-11-27T17:00:22+00:00","og_image":[{"width":1500,"height":800,"url":"https:\/\/www.schoenheitschirurgie-ffm.de\/wp-content\/uploads\/2025\/11\/mini-bauchdeckenstraffung-in-frankfurt.jpg","type":"image\/jpeg"}],"twitter_card":"summary_large_image","twitter_misc":{"Est. reading time":"14 minutes"},"schema":{"@context":"https:\/\/schema.org","@graph":[{"@type":"WebPage","@id":"https:\/\/www.schoenheitschirurgie-ffm.de\/en\/mini-abdominoplasty\/","url":"https:\/\/www.schoenheitschirurgie-ffm.de\/en\/mini-abdominoplasty\/","name":"Mini-abdominoplasty in Frankfurt - Central Aesthetics by Dr. Deb","isPartOf":{"@id":"https:\/\/www.schoenheitschirurgie-ffm.de\/en\/#website"},"primaryImageOfPage":{"@id":"https:\/\/www.schoenheitschirurgie-ffm.de\/en\/mini-abdominoplasty\/#primaryimage"},"image":{"@id":"https:\/\/www.schoenheitschirurgie-ffm.de\/en\/mini-abdominoplasty\/#primaryimage"},"thumbnailUrl":"https:\/\/www.schoenheitschirurgie-ffm.de\/wp-content\/uploads\/2025\/11\/mini-bauchdeckenstraffung-in-frankfurt.jpg","datePublished":"2025-10-21T08:55:03+00:00","dateModified":"2025-11-27T17:00:22+00:00","description":"Mini-abdominoplasty in Frankfurt. Specialist \u2713 All information at a glance \u2713 individual consultation \u2713 professional treatment \u2713 Book your appointment now \u260e","breadcrumb":{"@id":"https:\/\/www.schoenheitschirurgie-ffm.de\/en\/mini-abdominoplasty\/#breadcrumb"},"inLanguage":"en-US","potentialAction":[{"@type":"ReadAction","target":["https:\/\/www.schoenheitschirurgie-ffm.de\/en\/mini-abdominoplasty\/"]}]},{"@type":"ImageObject","inLanguage":"en-US","@id":"https:\/\/www.schoenheitschirurgie-ffm.de\/en\/mini-abdominoplasty\/#primaryimage","url":"https:\/\/www.schoenheitschirurgie-ffm.de\/wp-content\/uploads\/2025\/11\/mini-bauchdeckenstraffung-in-frankfurt.jpg","contentUrl":"https:\/\/www.schoenheitschirurgie-ffm.de\/wp-content\/uploads\/2025\/11\/mini-bauchdeckenstraffung-in-frankfurt.jpg","width":1500,"height":800,"caption":"Mini Bauchdeckenstraffung in Frankfurt"},{"@type":"BreadcrumbList","@id":"https:\/\/www.schoenheitschirurgie-ffm.de\/en\/mini-abdominoplasty\/#breadcrumb","itemListElement":[{"@type":"ListItem","position":1,"name":"Startseite","item":"https:\/\/www.schoenheitschirurgie-ffm.de\/en\/"},{"@type":"ListItem","position":2,"name":"Mini-abdominoplasty"}]},{"@type":"WebSite","@id":"https:\/\/www.schoenheitschirurgie-ffm.de\/en\/#website","url":"https:\/\/www.schoenheitschirurgie-ffm.de\/en\/","name":"Central Aesthetics by Dr. Deb","description":"","publisher":{"@id":"https:\/\/www.schoenheitschirurgie-ffm.de\/en\/#organization"},"potentialAction":[{"@type":"SearchAction","target":{"@type":"EntryPoint","urlTemplate":"https:\/\/www.schoenheitschirurgie-ffm.de\/en\/?s={search_term_string}"},"query-input":{"@type":"PropertyValueSpecification","valueRequired":true,"valueName":"search_term_string"}}],"inLanguage":"en-US"},{"@type":"Organization","@id":"https:\/\/www.schoenheitschirurgie-ffm.de\/en\/#organization","name":"Central Aesthetics by Dr. Deb","url":"https:\/\/www.schoenheitschirurgie-ffm.de\/en\/","logo":{"@type":"ImageObject","inLanguage":"en-US","@id":"https:\/\/www.schoenheitschirurgie-ffm.de\/en\/#\/schema\/logo\/image\/","url":"https:\/\/schoenheitschirurgie-ffm.de\/wp-content\/uploads\/2025\/03\/logo-central-aesthetics.svg","contentUrl":"https:\/\/schoenheitschirurgie-ffm.de\/wp-content\/uploads\/2025\/03\/logo-central-aesthetics.svg","width":1,"height":1,"caption":"Central Aesthetics by Dr. Deb"},"image":{"@id":"https:\/\/www.schoenheitschirurgie-ffm.de\/en\/#\/schema\/logo\/image\/"},"sameAs":["https:\/\/www.facebook.com\/centralaestheticsffm","https:\/\/www.instagram.com\/central_aesthetics_dr.deb\/"]}]}},"_links":{"self":[{"href":"https:\/\/www.schoenheitschirurgie-ffm.de\/en\/wp-json\/wp\/v2\/pages\/5345","targetHints":{"allow":["GET"]}}],"collection":[{"href":"https:\/\/www.schoenheitschirurgie-ffm.de\/en\/wp-json\/wp\/v2\/pages"}],"about":[{"href":"https:\/\/www.schoenheitschirurgie-ffm.de\/en\/wp-json\/wp\/v2\/types\/page"}],"author":[{"embeddable":true,"href":"https:\/\/www.schoenheitschirurgie-ffm.de\/en\/wp-json\/wp\/v2\/users\/1"}],"replies":[{"embeddable":true,"href":"https:\/\/www.schoenheitschirurgie-ffm.de\/en\/wp-json\/wp\/v2\/comments?post=5345"}],"version-history":[{"count":9,"href":"https:\/\/www.schoenheitschirurgie-ffm.de\/en\/wp-json\/wp\/v2\/pages\/5345\/revisions"}],"predecessor-version":[{"id":6845,"href":"https:\/\/www.schoenheitschirurgie-ffm.de\/en\/wp-json\/wp\/v2\/pages\/5345\/revisions\/6845"}],"wp:featuredmedia":[{"embeddable":true,"href":"https:\/\/www.schoenheitschirurgie-ffm.de\/en\/wp-json\/wp\/v2\/media\/4108"}],"wp:attachment":[{"href":"https:\/\/www.schoenheitschirurgie-ffm.de\/en\/wp-json\/wp\/v2\/media?parent=5345"}],"curies":[{"name":"wp","href":"https:\/\/api.w.org\/{rel}","templated":true}]}}